{"id":11,"date":"2022-07-13T23:59:46","date_gmt":"2022-07-13T20:59:46","guid":{"rendered":"https:\/\/esraaktepekeskin.com\/?page_id=11"},"modified":"2024-09-19T16:32:57","modified_gmt":"2024-09-19T13:32:57","slug":"ana-sayfa","status":"publish","type":"page","link":"https:\/\/dralperuslu.com\/de\/","title":{"rendered":"Startseite"},"content":{"rendered":"<div class=\"wpb-content-wrapper\"><p>[vc_row full_width=&#8221;stretch_row_content_no_spaces&#8221;][vc_column][vc_single_image image=&#8221;1150&#8243; img_size=&#8221;full&#8221; alignment=&#8221;center&#8221; css=&#8221;.vc_custom_1711372490332{margin-bottom: 0px !important;border-bottom-width: 0px !important;padding-bottom: 0px !important;}&#8221;][vc_separator color=&#8221;custom&#8221; border_width=&#8221;3&#8243; accent_color=&#8221;#004d85&#8243;][\/vc_column][\/vc_row][vc_row wrap_container=&#8221;yes&#8221; el_class=&#8221;p-b-none&#8221;][vc_column][vc_empty_space height=&#8221;20px&#8221;][vc_row_inner][vc_column_inner width=&#8221;2\/3&#8243;][vc_column_text]<span style=\"font-size: 26px;\"><strong>Dr. Med. Alper Burak Uslu<br \/>\n<\/strong><\/span><span style=\"font-size: 13px;\">Facharzt f\u00fcr Plastische, Rekonstruktive und \u00c4sthetische<\/span><\/p>\n<hr \/>\n<p>Dr. Uslu ist ein angesehener europ\u00e4ischer und t\u00fcrkischer doppelt zertifizierter plastischer Chirurg. Er geh\u00f6rt zu den besten plastischen Chirurgen seiner Generation. Sein Qualifikations- und Fachwissen wird durch umfangreiche Zertifizierungen internationaler Gremien dokumentiert. Er ist stolzes Mitglied mehrerer angesehener Organisationen, darunter der International Society of Aesthetic Plastic Surgeons (ISAPS), der American Society of Plastic Surgeons (ASPS), der Turkish Society of Plastic, Reconstructive and Aesthetic Surgery und der Turkish Society of Aesthetic Surgery. Au\u00dferdem ist er Fellow des European Board of Plastic Reconstructive and Aesthetic Surgery (EBOPRAS). Dr. Uslu schloss sein Studium an der Medizinischen Fakult\u00e4t der Baskent-Universit\u00e4t in Ankara im Jahr 2011 ab und schloss 2017 seine sechsj\u00e4hrige Facharztausbildung in plastischer, rekonstruktiver und \u00e4sthetischer Chirurgie am Ankara Numune Research and Education Hospital ab. Er hat seine F\u00e4higkeiten in einer fortgeschrittenen mikrochirurgischen Ausbildung an der Goethe-Universit\u00e4t in Frankfurt weiter verfeinert.<\/p>\n<p>Die Gleichwertigkeit seiner medizinischen Ausbildung wurde durch die Bezirksregierung M\u00fcnster anerkannt. Dr. Uslu hat ein besonderes Interesse und Fachwissen in den Bereichen \u00e4sthetische Gesichts- und Brustchirurgie, K\u00f6rperformung, medizinische \u00c4sthetik, rekonstruktive Mikrochirurgie und Handchirurgie und ist Autor zahlreicher internationaler Artikel, die in Fachzeitschriften mit Peer-Review ver\u00f6ffentlicht wurden.<\/p>\n<p>Seine Arbeit wurde weltweit \u00fcber 35-mal zitiert. Im Laufe seiner 12-j\u00e4hrigen Karriere hat er mehr als 2000 \u00e4sthetische Eingriffe und \u00fcber 4000 plastische Operationen durchgef\u00fchrt und dabei stets sein Engagement f\u00fcr Spitzenleistungen und Patientenversorgung unter Beweis gestellt.<a href=\"https:\/\/dralperuslu.com\/de\/uber-mich\/\"><strong>Mehr&#8230;<\/strong><\/a>[\/vc_column_text][\/vc_column_inner][vc_column_inner width=&#8221;1\/3&#8243;][vc_single_image image=&#8221;881&#8243; img_size=&#8221;full&#8221; alignment=&#8221;center&#8221;][\/vc_column_inner][\/vc_row_inner][\/vc_column][\/vc_row][vc_row el_class=&#8221;p-b-none&#8221; css=&#8221;.vc_custom_1726751308098{background-color: #f4f4f4 !important;}&#8221; conditional_render=&#8221;%5B%7B%22value_role%22%3A%22administrator%22%7D%5D&#8221;][vc_column][vc_empty_space height=&#8221;20px&#8221;][vc_row_inner wrap_container=&#8221;yes&#8221;][vc_column_inner][vc_column_text]<\/p>\n<h2 style=\"text-align: center;\"><strong>Warum Uns W\u00e4hlen?<\/strong><\/h2>\n<hr \/>\n<p style=\"text-align: center;\"><span style=\"font-size: 20px;\"><strong>Internationale Anerkennung, Mitgliedschaft in den renommiertesten Gesellschaften f\u00fcr plastische Chirurgie, Auszeichnungen, h\u00f6chste Ausbildungsniveaus und vor allem Tausende hervorragender Ergebnisse und zufriedener Patienten aus der ganzen Welt<\/strong><\/span><\/p>\n<p style=\"text-align: center;\">Ihre Sicherheit und Ihr Wohlbefinden stehen immer an erster Stelle. Wir beurteilen die Eignung jedes Eingriffs in Ihrem Fall, setzen modernstes Wissen und K\u00f6nnen sowie modernste Technologie und Instrumente ein, um Ergebnisse auf dem neuesten Stand zu erzielen. Um die bestm\u00f6glichen Ergebnisse zu erzielen, passen wir jeden Eingriff Ihren spezifischen Bed\u00fcrfnissen und W\u00fcnschen an und achten bei Planung, Durchf\u00fchrung und Nachsorge sorgf\u00e4ltig auf jedes Detail. Effektive Kommunikation ist von gr\u00f6\u00dfter Bedeutung und wir werden Sie mit unserem engagierten und hochqualifizierten Team rund um die Uhr von Anfang bis Ende und w\u00e4hrend Ihres gesamten Genesungs- und Nachsorgeprozesses unterst\u00fctzen. Sch\u00f6nheit durch \u00e4sthetische Chirurgie zu schaffen ist unsere Leidenschaft und wir glauben an st\u00e4ndige Verbesserung f\u00fcr Spitzenleistungen, die unseren Ruf widerspiegeln und zu ihm beitragen.<\/p>\n<p>[\/vc_column_text][\/vc_column_inner][\/vc_row_inner][vc_row_inner wrap_container=&#8221;yes&#8221;][vc_column_inner width=&#8221;1\/4&#8243;][vc_icon icon_fontawesome=&#8221;fas fa-user-md&#8221; color=&#8221;custom&#8221; size=&#8221;xl&#8221; align=&#8221;center&#8221; custom_color=&#8221;#004d85&#8243;][vc_column_text]<\/p>\n<h2 style=\"text-align: center;\"><strong>Gro\u00dfe Erfahrung<\/strong><\/h2>\n<p>[\/vc_column_text][\/vc_column_inner][vc_column_inner width=&#8221;1\/4&#8243;][vc_icon icon_fontawesome=&#8221;fas fa-phone&#8221; color=&#8221;custom&#8221; size=&#8221;xl&#8221; align=&#8221;center&#8221; custom_color=&#8221;#004d85&#8243;][vc_column_text]<\/p>\n<h2 style=\"text-align: center;\"><strong>Support rund um die Uhr<\/strong><\/h2>\n<p>[\/vc_column_text][\/vc_column_inner][vc_column_inner width=&#8221;1\/4&#8243;][vc_icon icon_fontawesome=&#8221;fas fa-stethoscope&#8221; color=&#8221;custom&#8221; size=&#8221;xl&#8221; align=&#8221;center&#8221; custom_color=&#8221;#004d85&#8243;][vc_column_text]<\/p>\n<h2 style=\"text-align: center;\"><strong>Ethik und Professionalit\u00e4t<\/strong><\/h2>\n<p>[\/vc_column_text][\/vc_column_inner][vc_column_inner width=&#8221;1\/4&#8243;][vc_icon icon_fontawesome=&#8221;fas fa-book-medical&#8221; color=&#8221;custom&#8221; size=&#8221;xl&#8221; align=&#8221;center&#8221; custom_color=&#8221;#004d85&#8243;][vc_column_text]<\/p>\n<h2 style=\"text-align: center;\"><strong>H\u00f6chste Sicherheits- und medizinische Standards<\/strong><\/h2>\n<p>[\/vc_column_text][\/vc_column_inner][\/vc_row_inner][vc_row_inner wrap_container=&#8221;yes&#8221;][vc_column_inner width=&#8221;1\/4&#8243;][vc_icon icon_fontawesome=&#8221;fas fa-file-medical-alt&#8221; color=&#8221;custom&#8221; size=&#8221;xl&#8221; align=&#8221;center&#8221; custom_color=&#8221;#004d85&#8243;][vc_column_text]<\/p>\n<h2 style=\"text-align: center;\"><strong>Patientenzufriedenheit als Priorit\u00e4t<\/strong><\/h2>\n<p>[\/vc_column_text][\/vc_column_inner][vc_column_inner width=&#8221;1\/4&#8243;][vc_icon icon_fontawesome=&#8221;fas fa-graduation-cap&#8221; color=&#8221;custom&#8221; size=&#8221;xl&#8221; align=&#8221;center&#8221; custom_color=&#8221;#004d85&#8243;][vc_column_text]<\/p>\n<h2 style=\"text-align: center;\"><strong>Ausbildung und kontinuierliche Verbesserung<\/strong><\/h2>\n<p>[\/vc_column_text][\/vc_column_inner][vc_column_inner width=&#8221;1\/4&#8243;][vc_icon icon_fontawesome=&#8221;fas fa-comment-medical&#8221; color=&#8221;custom&#8221; size=&#8221;xl&#8221; align=&#8221;center&#8221; custom_color=&#8221;#004d85&#8243;][vc_column_text]<\/p>\n<h2 style=\"text-align: center;\"><strong>Effektive Kommunikation und Patientenbeziehungen<\/strong><\/h2>\n<p>[\/vc_column_text][\/vc_column_inner][vc_column_inner width=&#8221;1\/4&#8243;][vc_icon icon_fontawesome=&#8221;fas fa-laptop-medical&#8221; color=&#8221;custom&#8221; size=&#8221;xl&#8221; align=&#8221;center&#8221; custom_color=&#8221;#004d85&#8243;][vc_column_text]<\/p>\n<h2 style=\"text-align: center;\"><strong>Innovation und technologischer Fortschritt<\/strong><\/h2>\n<p>[\/vc_column_text][\/vc_column_inner][\/vc_row_inner][\/vc_column][\/vc_row][vc_row el_class=&#8221;p-b-none&#8221;][vc_column][vc_empty_space height=&#8221;20px&#8221;][vc_custom_heading text=&#8221;<strong>Spezialisierungen<\/strong>&#8221; font_container=&#8221;tag:h2|text_align:center&#8221; use_theme_fonts=&#8221;yes&#8221;]<div id=\"porto-portfolio-1631\" class=\"porto-portfolios porto-portfoliosr669 wpb_content_element \">\r\n\t<div class=\"page-portfolios clearfix portfolios-grid wpb_custom_f766824d32289da1f974c4f6f5382936\" id=\"porto_portfolios_iixw\">\r\n\r\n\t\r\n\t\r\n\t\t\t<div class=\"portfolios-container portfolio-row portfolio-row-4 classic\">\r\n\r\n\t\r\n\t\t<article class=\"portfolio portfolio-grid portfolio-col-4 dr-alper-uslu spezialisierungen post-1065 type-portfolio status-publish has-post-thumbnail hentry portfolio_cat-dr-alper-uslu portfolio_cat-spezialisierungen\">\r\n\t\t<h3 class=\"entry-title\" style=\"display: none;\">Bauchdeckenstraffung<\/h3><span class=\"vcard\" style=\"display: none;\"><span class=\"fn\"><a href=\"https:\/\/dralperuslu.com\/de\/author\/onur\/\" title=\"onur taraf\u0131ndan yaz\u0131lan yaz\u0131lar\" rel=\"author\">onur<\/a><\/span><\/span><span class=\"updated\" style=\"display:none\">2025-01-28T18:04:49+03:00<\/span>\t\t<div class=\"portfolio-item default\">\r\n\t\t\t\r\n\t\t\t<a class=\"text-decoration-none portfolio-link\" href=\"https:\/\/dralperuslu.com\/de\/spezialisierungen\/bauchdeckenstraffung-turkei\/\">\r\n\t\t\t\t<span class=\"thumb-info thumb-info-lighten thumb-info-no-zoom\">\r\n\t\t\t\t\t<span class=\"thumb-info-wrapper\">\r\n\t\t\t\t\t\t\t\t\t\t\t\t\t\t\t<img loading=\"lazy\" decoding=\"async\" class=\"img-responsive\" src=\"https:\/\/dralperuslu.com\/de\/wp-content\/uploads\/2024\/03\/Bauchdeckenstraffung.jpg\" alt=\"\" width=\"445\" height=\"334\" \/>\r\n\t\t\t\t\t\t\t\t\t\r\n\t\t\t\t\t\t\r\n\t\t\t\t\t\t\r\n\t\t\t\t\t\t\t\t\t\t\t\t\t\t\t\t<span class=\"thumb-info-title\">\r\n\r\n\t\t\t\t\t\t\t\t\t\t<span class=\"thumb-info-inner\">Bauchdeckenstraffung<\/span>\r\n\r\n\t\t\t\t\t\t\t\t\t\t\r\n\t\t\t\t\t\t\t\t\t<\/span>\r\n\t\t\t\t\t\t\t\t\t\t\t\t\t\t\t\t\t\t\t\t\t\t\t\t\t\t\t\t\t\t\t<\/span>\r\n\t\t\t\t<\/span>\r\n\t\t\t<\/a>\r\n\t\t\t\t\t\t\t\t<\/div>\r\n\t<\/article>\r\n\t\t<article class=\"portfolio portfolio-grid portfolio-col-4 dr-alper-uslu post-1044 type-portfolio status-publish has-post-thumbnail hentry portfolio_cat-dr-alper-uslu\">\r\n\t\t<h3 class=\"entry-title\" style=\"display: none;\">Rhinoplastik<\/h3><span class=\"vcard\" style=\"display: none;\"><span class=\"fn\"><a href=\"https:\/\/dralperuslu.com\/de\/author\/onur\/\" title=\"onur taraf\u0131ndan yaz\u0131lan yaz\u0131lar\" rel=\"author\">onur<\/a><\/span><\/span><span class=\"updated\" style=\"display:none\">2025-01-28T18:05:32+03:00<\/span>\t\t<div class=\"portfolio-item default\">\r\n\t\t\t\r\n\t\t\t<a class=\"text-decoration-none portfolio-link\" href=\"https:\/\/dralperuslu.com\/de\/spezialisierungen\/rhinoplastik-turkei\/\">\r\n\t\t\t\t<span class=\"thumb-info thumb-info-lighten thumb-info-no-zoom\">\r\n\t\t\t\t\t<span class=\"thumb-info-wrapper\">\r\n\t\t\t\t\t\t\t\t\t\t\t\t\t\t\t<img loading=\"lazy\" decoding=\"async\" class=\"img-responsive\" src=\"https:\/\/dralperuslu.com\/de\/wp-content\/uploads\/2024\/03\/Turkei-Rhinoplastik.jpg\" alt=\"\" width=\"445\" height=\"334\" \/>\r\n\t\t\t\t\t\t\t\t\t\r\n\t\t\t\t\t\t\r\n\t\t\t\t\t\t\r\n\t\t\t\t\t\t\t\t\t\t\t\t\t\t\t\t<span class=\"thumb-info-title\">\r\n\r\n\t\t\t\t\t\t\t\t\t\t<span class=\"thumb-info-inner\">Rhinoplastik<\/span>\r\n\r\n\t\t\t\t\t\t\t\t\t\t\r\n\t\t\t\t\t\t\t\t\t<\/span>\r\n\t\t\t\t\t\t\t\t\t\t\t\t\t\t\t\t\t\t\t\t\t\t\t\t\t\t\t\t\t\t\t<\/span>\r\n\t\t\t\t<\/span>\r\n\t\t\t<\/a>\r\n\t\t\t\t\t\t\t\t<\/div>\r\n\t<\/article>\r\n\t\t<article class=\"portfolio portfolio-grid portfolio-col-4 dr-alper-uslu post-1105 type-portfolio status-publish has-post-thumbnail hentry portfolio_cat-dr-alper-uslu\">\r\n\t\t<h3 class=\"entry-title\" style=\"display: none;\">Gesichtsstraffung<\/h3><span class=\"vcard\" style=\"display: none;\"><span class=\"fn\"><a href=\"https:\/\/dralperuslu.com\/de\/author\/onur\/\" title=\"onur taraf\u0131ndan yaz\u0131lan yaz\u0131lar\" rel=\"author\">onur<\/a><\/span><\/span><span class=\"updated\" style=\"display:none\">2025-01-28T18:05:53+03:00<\/span>\t\t<div class=\"portfolio-item default\">\r\n\t\t\t\r\n\t\t\t<a class=\"text-decoration-none portfolio-link\" href=\"https:\/\/dralperuslu.com\/de\/spezialisierungen\/gesichtsstraffung-turkei\/\">\r\n\t\t\t\t<span class=\"thumb-info thumb-info-lighten thumb-info-no-zoom\">\r\n\t\t\t\t\t<span class=\"thumb-info-wrapper\">\r\n\t\t\t\t\t\t\t\t\t\t\t\t\t\t\t<img loading=\"lazy\" decoding=\"async\" class=\"img-responsive\" src=\"https:\/\/dralperuslu.com\/de\/wp-content\/uploads\/2024\/03\/Gesichtsstraffung-Facelift-Turkei.jpg\" alt=\"\" width=\"445\" height=\"334\" \/>\r\n\t\t\t\t\t\t\t\t\t\r\n\t\t\t\t\t\t\r\n\t\t\t\t\t\t\r\n\t\t\t\t\t\t\t\t\t\t\t\t\t\t\t\t<span class=\"thumb-info-title\">\r\n\r\n\t\t\t\t\t\t\t\t\t\t<span class=\"thumb-info-inner\">Gesichtsstraffung<\/span>\r\n\r\n\t\t\t\t\t\t\t\t\t\t\r\n\t\t\t\t\t\t\t\t\t<\/span>\r\n\t\t\t\t\t\t\t\t\t\t\t\t\t\t\t\t\t\t\t\t\t\t\t\t\t\t\t\t\t\t\t<\/span>\r\n\t\t\t\t<\/span>\r\n\t\t\t<\/a>\r\n\t\t\t\t\t\t\t\t<\/div>\r\n\t<\/article>\r\n\t\t<article class=\"portfolio portfolio-grid portfolio-col-4 dr-alper-uslu post-1081 type-portfolio status-publish has-post-thumbnail hentry portfolio_cat-dr-alper-uslu\">\r\n\t\t<h3 class=\"entry-title\" style=\"display: none;\">Fettabsaugung<\/h3><span class=\"vcard\" style=\"display: none;\"><span class=\"fn\"><a href=\"https:\/\/dralperuslu.com\/de\/author\/onur\/\" title=\"onur taraf\u0131ndan yaz\u0131lan yaz\u0131lar\" rel=\"author\">onur<\/a><\/span><\/span><span class=\"updated\" style=\"display:none\">2025-01-28T18:06:02+03:00<\/span>\t\t<div class=\"portfolio-item default\">\r\n\t\t\t\r\n\t\t\t<a class=\"text-decoration-none portfolio-link\" href=\"https:\/\/dralperuslu.com\/de\/spezialisierungen\/fettabsaugung-turkei\/\">\r\n\t\t\t\t<span class=\"thumb-info thumb-info-lighten thumb-info-no-zoom\">\r\n\t\t\t\t\t<span class=\"thumb-info-wrapper\">\r\n\t\t\t\t\t\t\t\t\t\t\t\t\t\t\t<img loading=\"lazy\" decoding=\"async\" class=\"img-responsive\" src=\"https:\/\/dralperuslu.com\/de\/wp-content\/uploads\/2024\/03\/Fettabsaugung-Turkei.jpg\" alt=\"\" width=\"445\" height=\"334\" \/>\r\n\t\t\t\t\t\t\t\t\t\r\n\t\t\t\t\t\t\r\n\t\t\t\t\t\t\r\n\t\t\t\t\t\t\t\t\t\t\t\t\t\t\t\t<span class=\"thumb-info-title\">\r\n\r\n\t\t\t\t\t\t\t\t\t\t<span class=\"thumb-info-inner\">Fettabsaugung<\/span>\r\n\r\n\t\t\t\t\t\t\t\t\t\t\r\n\t\t\t\t\t\t\t\t\t<\/span>\r\n\t\t\t\t\t\t\t\t\t\t\t\t\t\t\t\t\t\t\t\t\t\t\t\t\t\t\t\t\t\t\t<\/span>\r\n\t\t\t\t<\/span>\r\n\t\t\t<\/a>\r\n\t\t\t\t\t\t\t\t<\/div>\r\n\t<\/article>\r\n\t\t<article class=\"portfolio portfolio-grid portfolio-col-4 dr-alper-uslu post-1087 type-portfolio status-publish has-post-thumbnail hentry portfolio_cat-dr-alper-uslu\">\r\n\t\t<h3 class=\"entry-title\" style=\"display: none;\">Bruststraffung<\/h3><span class=\"vcard\" style=\"display: none;\"><span class=\"fn\"><a href=\"https:\/\/dralperuslu.com\/de\/author\/onur\/\" title=\"onur taraf\u0131ndan yaz\u0131lan yaz\u0131lar\" rel=\"author\">onur<\/a><\/span><\/span><span class=\"updated\" style=\"display:none\">2025-01-28T18:06:07+03:00<\/span>\t\t<div class=\"portfolio-item default\">\r\n\t\t\t\r\n\t\t\t<a class=\"text-decoration-none portfolio-link\" href=\"https:\/\/dralperuslu.com\/de\/spezialisierungen\/bruststraffung-turkei\/\">\r\n\t\t\t\t<span class=\"thumb-info thumb-info-lighten thumb-info-no-zoom\">\r\n\t\t\t\t\t<span class=\"thumb-info-wrapper\">\r\n\t\t\t\t\t\t\t\t\t\t\t\t\t\t\t<img loading=\"lazy\" decoding=\"async\" class=\"img-responsive\" src=\"https:\/\/dralperuslu.com\/de\/wp-content\/uploads\/2024\/03\/Bruststraffung-Turkei.jpg\" alt=\"\" width=\"445\" height=\"334\" \/>\r\n\t\t\t\t\t\t\t\t\t\r\n\t\t\t\t\t\t\r\n\t\t\t\t\t\t\r\n\t\t\t\t\t\t\t\t\t\t\t\t\t\t\t\t<span class=\"thumb-info-title\">\r\n\r\n\t\t\t\t\t\t\t\t\t\t<span class=\"thumb-info-inner\">Bruststraffung<\/span>\r\n\r\n\t\t\t\t\t\t\t\t\t\t\r\n\t\t\t\t\t\t\t\t\t<\/span>\r\n\t\t\t\t\t\t\t\t\t\t\t\t\t\t\t\t\t\t\t\t\t\t\t\t\t\t\t\t\t\t\t<\/span>\r\n\t\t\t\t<\/span>\r\n\t\t\t<\/a>\r\n\t\t\t\t\t\t\t\t<\/div>\r\n\t<\/article>\r\n\t\t<article class=\"portfolio portfolio-grid portfolio-col-4 dr-alper-uslu post-1084 type-portfolio status-publish has-post-thumbnail hentry portfolio_cat-dr-alper-uslu\">\r\n\t\t<h3 class=\"entry-title\" style=\"display: none;\">Brustvergr\u00f6\u00dferung<\/h3><span class=\"vcard\" style=\"display: none;\"><span class=\"fn\"><a href=\"https:\/\/dralperuslu.com\/de\/author\/onur\/\" title=\"onur taraf\u0131ndan yaz\u0131lan yaz\u0131lar\" rel=\"author\">onur<\/a><\/span><\/span><span class=\"updated\" style=\"display:none\">2025-01-28T18:06:33+03:00<\/span>\t\t<div class=\"portfolio-item default\">\r\n\t\t\t\r\n\t\t\t<a class=\"text-decoration-none portfolio-link\" href=\"https:\/\/dralperuslu.com\/de\/spezialisierungen\/brustvergroserung-turkei\/\">\r\n\t\t\t\t<span class=\"thumb-info thumb-info-lighten thumb-info-no-zoom\">\r\n\t\t\t\t\t<span class=\"thumb-info-wrapper\">\r\n\t\t\t\t\t\t\t\t\t\t\t\t\t\t\t<img loading=\"lazy\" decoding=\"async\" class=\"img-responsive\" src=\"https:\/\/dralperuslu.com\/de\/wp-content\/uploads\/2024\/03\/Brustvergroserung-Turkei.jpg\" alt=\"\" width=\"445\" height=\"334\" \/>\r\n\t\t\t\t\t\t\t\t\t\r\n\t\t\t\t\t\t\r\n\t\t\t\t\t\t\r\n\t\t\t\t\t\t\t\t\t\t\t\t\t\t\t\t<span class=\"thumb-info-title\">\r\n\r\n\t\t\t\t\t\t\t\t\t\t<span class=\"thumb-info-inner\">Brustvergr\u00f6\u00dferung<\/span>\r\n\r\n\t\t\t\t\t\t\t\t\t\t\r\n\t\t\t\t\t\t\t\t\t<\/span>\r\n\t\t\t\t\t\t\t\t\t\t\t\t\t\t\t\t\t\t\t\t\t\t\t\t\t\t\t\t\t\t\t<\/span>\r\n\t\t\t\t<\/span>\r\n\t\t\t<\/a>\r\n\t\t\t\t\t\t\t\t<\/div>\r\n\t<\/article>\r\n\t\t<article class=\"portfolio portfolio-grid portfolio-col-4 dr-alper-uslu post-1062 type-portfolio status-publish has-post-thumbnail hentry portfolio_cat-dr-alper-uslu\">\r\n\t\t<h3 class=\"entry-title\" style=\"display: none;\">Po-\u00e4sthetik<\/h3><span class=\"vcard\" style=\"display: none;\"><span class=\"fn\"><a href=\"https:\/\/dralperuslu.com\/de\/author\/onur\/\" title=\"onur taraf\u0131ndan yaz\u0131lan yaz\u0131lar\" rel=\"author\">onur<\/a><\/span><\/span><span class=\"updated\" style=\"display:none\">2025-01-28T18:06:27+03:00<\/span>\t\t<div class=\"portfolio-item default\">\r\n\t\t\t\r\n\t\t\t<a class=\"text-decoration-none portfolio-link\" href=\"https:\/\/dralperuslu.com\/de\/spezialisierungen\/po-asthetik-turkei\/\">\r\n\t\t\t\t<span class=\"thumb-info thumb-info-lighten thumb-info-no-zoom\">\r\n\t\t\t\t\t<span class=\"thumb-info-wrapper\">\r\n\t\t\t\t\t\t\t\t\t\t\t\t\t\t\t<img loading=\"lazy\" decoding=\"async\" class=\"img-responsive\" src=\"https:\/\/dralperuslu.com\/de\/wp-content\/uploads\/2024\/03\/Po-asthetik-Turkei.jpg\" alt=\"\" width=\"445\" height=\"334\" \/>\r\n\t\t\t\t\t\t\t\t\t\r\n\t\t\t\t\t\t\r\n\t\t\t\t\t\t\r\n\t\t\t\t\t\t\t\t\t\t\t\t\t\t\t\t<span class=\"thumb-info-title\">\r\n\r\n\t\t\t\t\t\t\t\t\t\t<span class=\"thumb-info-inner\">Po-\u00e4sthetik<\/span>\r\n\r\n\t\t\t\t\t\t\t\t\t\t\r\n\t\t\t\t\t\t\t\t\t<\/span>\r\n\t\t\t\t\t\t\t\t\t\t\t\t\t\t\t\t\t\t\t\t\t\t\t\t\t\t\t\t\t\t\t<\/span>\r\n\t\t\t\t<\/span>\r\n\t\t\t<\/a>\r\n\t\t\t\t\t\t\t\t<\/div>\r\n\t<\/article>\r\n\t\t<article class=\"portfolio portfolio-grid portfolio-col-4 dr-alper-uslu post-1096 type-portfolio status-publish has-post-thumbnail hentry portfolio_cat-dr-alper-uslu\">\r\n\t\t<h3 class=\"entry-title\" style=\"display: none;\">Schl\u00e4fenlift<\/h3><span class=\"vcard\" style=\"display: none;\"><span class=\"fn\"><a href=\"https:\/\/dralperuslu.com\/de\/author\/onur\/\" title=\"onur taraf\u0131ndan yaz\u0131lan yaz\u0131lar\" rel=\"author\">onur<\/a><\/span><\/span><span class=\"updated\" style=\"display:none\">2025-01-28T18:06:21+03:00<\/span>\t\t<div class=\"portfolio-item default\">\r\n\t\t\t\r\n\t\t\t<a class=\"text-decoration-none portfolio-link\" href=\"https:\/\/dralperuslu.com\/de\/spezialisierungen\/schlafenlift-turkei\/\">\r\n\t\t\t\t<span class=\"thumb-info thumb-info-lighten thumb-info-no-zoom\">\r\n\t\t\t\t\t<span class=\"thumb-info-wrapper\">\r\n\t\t\t\t\t\t\t\t\t\t\t\t\t\t\t<img loading=\"lazy\" decoding=\"async\" class=\"img-responsive\" src=\"https:\/\/dralperuslu.com\/de\/wp-content\/uploads\/2024\/03\/Schlafenlift-Turkei.jpg\" alt=\"\" width=\"445\" height=\"334\" \/>\r\n\t\t\t\t\t\t\t\t\t\r\n\t\t\t\t\t\t\r\n\t\t\t\t\t\t\r\n\t\t\t\t\t\t\t\t\t\t\t\t\t\t\t\t<span class=\"thumb-info-title\">\r\n\r\n\t\t\t\t\t\t\t\t\t\t<span class=\"thumb-info-inner\">Schl\u00e4fenlift<\/span>\r\n\r\n\t\t\t\t\t\t\t\t\t\t\r\n\t\t\t\t\t\t\t\t\t<\/span>\r\n\t\t\t\t\t\t\t\t\t\t\t\t\t\t\t\t\t\t\t\t\t\t\t\t\t\t\t\t\t\t\t<\/span>\r\n\t\t\t\t<\/span>\r\n\t\t\t<\/a>\r\n\t\t\t\t\t\t\t\t<\/div>\r\n\t<\/article>\r\n\t\r\n\t\r\n\t\r\n\t\t<\/div>\r\n\r\n\t\r\n\t\r\n\t<\/div>\r\n\r\n\t\r\n\t\r\n\t<\/div>[\/vc_column][\/vc_row][vc_row wrap_container=&#8221;yes&#8221; bg_type=&#8221;bg_color&#8221; bg_color_value=&#8221;#37b1e3&#8243; css=&#8221;.vc_custom_1676536079662{background-color: #004d85 !important;}&#8221;][vc_column css_animation=&#8221;fadeInDown&#8221;][vc_empty_space height=&#8221;20px&#8221;][vc_custom_heading text=&#8221;<strong>Deine Kommentare<\/strong>&#8221; font_container=&#8221;tag:h2|text_align:center|color:%23ffffff&#8221; use_theme_fonts=&#8221;yes&#8221;]<div class=\"porto-carousel owl-carousel has-ccols has-ccols-spacing ccols-1 wpb_custom_70a89e142ccf56dcd4c7bfc4b40db368\" data-plugin-options=\"{&quot;themeConfig&quot;:true,&quot;stagePadding&quot;:0,&quot;margin&quot;:10,&quot;autoplay&quot;:&quot;yes&quot;,&quot;mouseDrag&quot;:true,&quot;touchDrag&quot;:true,&quot;autoplayTimeout&quot;:5000,&quot;autoplayHoverPause&quot;:&quot;true&quot;,&quot;items&quot;:1,&quot;xl&quot;:1,&quot;lg&quot;:1,&quot;md&quot;:1,&quot;sm&quot;:1,&quot;xs&quot;:1,&quot;nav&quot;:false,&quot;dots&quot;:false,&quot;animateIn&quot;:&quot;&quot;,&quot;animateOut&quot;:&quot;&quot;,&quot;loop&quot;:&quot;yes&quot;,&quot;center&quot;:false,&quot;video&quot;:false,&quot;lazyLoad&quot;:false,&quot;fullscreen&quot;:false}\"><div class=\"porto-testimonial wpb_content_element   wpb_custom_4760b66c0cbf51ec9a7673f3785bca75\"><div class=\"testimonial testimonial-style-6 testimonial-with-quotes testimonial-light\"><blockquote><p>Ich empfehle den erfolgreichsten Arzt, Herrn Alper, ohne zu z\u00f6gern. Er war jemand, der seine Arbeit wirklich sehr, sehr gewissenhaft machte und sich so aufrichtig um seine Patienten k\u00fcmmerte, dass man seine Aufrichtigkeit mit ganzem Herzen sp\u00fcrte. Er ist in seinem Job sehr erfolgreich. Wenn Sie zum Beispiel eine Frage im Kopf haben, werden Sie sicher zu mir kommen und sagen: Ja, ich habe den Arzt gefunden, dem ich meine Gesundheit anvertrauen werde. Ich w\u00fcnsche Ihnen viel Erfolg, mein Herr, und danke Ihnen.<\/p><\/blockquote><div class=\"testimonial-author\"><p><strong>tu...a<\/strong><span><\/span><\/p><\/div><\/div><\/div><div class=\"porto-testimonial wpb_content_element   wpb_custom_4760b66c0cbf51ec9a7673f3785bca75\"><div class=\"testimonial testimonial-style-6 testimonial-with-quotes testimonial-light\"><blockquote><p>Ich kann die Arbeit von Dr. Alper nicht bem\u00e4ngeln. Er hat mein Leben nach meiner Brustvergr\u00f6\u00dferung vor drei Monaten v\u00f6llig zum Besseren ver\u00e4ndert.<br \/>\nVon Anfang bis Ende stand er in st\u00e4ndigem Kontakt mit mir. Kann seinen Dr. Alper und sein Team und insbesondere alle im Academic Hospital w\u00e4rmstens empfehlen<\/p><\/blockquote><div class=\"testimonial-author\"><p><strong>my...b<\/strong><span><\/span><\/p><\/div><\/div><\/div><div class=\"porto-testimonial wpb_content_element   wpb_custom_4760b66c0cbf51ec9a7673f3785bca75\"><div class=\"testimonial testimonial-style-6 testimonial-with-quotes testimonial-light\"><blockquote><p>Ich habe mich vor etwa einem Jahr bei ihm f\u00fcr eine Brustvergr\u00f6\u00dferungsoperation beworben. Aufgrund seiner ausf\u00fchrlichen Erkl\u00e4rungen und seines Interesses entschied ich mich, die Operation vertrauensvoll durchf\u00fchren zu lassen. Das Ergebnis ist wirklich toll, ich bin sehr zufrieden, mein Selbstvertrauen ist gestiegen. Auch in der postoperativen Phase war er aufmerksam und beantwortete alle meine dummen Fragen geduldig, daf\u00fcr m\u00f6chte ich mich noch einmal ganz herzlich bei ihm bedanken.<\/p><\/blockquote><div class=\"testimonial-author\"><p><strong>m.....<\/strong><span><\/span><\/p><\/div><\/div><\/div><div class=\"porto-testimonial wpb_content_element   wpb_custom_4760b66c0cbf51ec9a7673f3785bca75\"><div class=\"testimonial testimonial-style-6 testimonial-with-quotes testimonial-light\"><blockquote><p>Ich hatte bei meinem Lehrer Alper eine Nasenkorrektur, eine Bichektomie und eine Fettabsaugung am Kinn. Ich bin mit jedem von ihnen sehr zufrieden. Da meine Nase dickh\u00e4utig ist, hatte ich einige Bedenken wegen einer Nasenkorrektur, aber mein Lehrer Alper hat perfekte Arbeit geleistet. Mein Genesungsprozess verlief sehr schnell und ich bin mit dem Ergebnis sehr zufrieden. Ich m\u00f6chte meinem Lehrer Alper und Vanity Aesthetics danken.<\/p><\/blockquote><div class=\"testimonial-author\"><p><strong>li...\u00f6<\/strong><span><\/span><\/p><\/div><\/div><\/div><\/div>[\/vc_column][\/vc_row][vc_row el_class=&#8221;p-b-none&#8221;][vc_column][vc_empty_space height=&#8221;20px&#8221;][vc_row_inner][vc_column_inner width=&#8221;1\/6&#8243;][\/vc_column_inner][vc_column_inner width=&#8221;1\/6&#8243;][\/vc_column_inner][vc_column_inner width=&#8221;1\/6&#8243;][vc_single_image image=&#8221;1259&#8243; img_size=&#8221;full&#8221; alignment=&#8221;center&#8221; onclick=&#8221;custom_link&#8221; link=&#8221;https:\/\/www.trustpilot.com\/review\/dralperuslu.com&#8221;][\/vc_column_inner][vc_column_inner width=&#8221;1\/6&#8243;][vc_single_image image=&#8221;1258&#8243; img_size=&#8221;full&#8221; alignment=&#8221;center&#8221; onclick=&#8221;custom_link&#8221; link=&#8221;https:\/\/www.realself.com\/dr\/alper-burak-uslu-istanbul-turkey&#8221;][\/vc_column_inner][vc_column_inner width=&#8221;1\/6&#8243;][\/vc_column_inner][vc_column_inner width=&#8221;1\/6&#8243;][\/vc_column_inner][\/vc_row_inner][\/vc_column][\/vc_row][vc_row wrap_container=&#8221;yes&#8221; bg_type=&#8221;bg_color&#8221; bg_color_value=&#8221;#f4f4f4&#8243; css=&#8221;.vc_custom_1511707406088{background-color: #f4f4f4 !important;}&#8221;][vc_column][vc_empty_space height=&#8221;20px&#8221;]\n<div class=\"wpcf7 no-js\" id=\"wpcf7-f794-o1\" lang=\"tr-TR\" dir=\"ltr\" data-wpcf7-id=\"794\">\n<div class=\"screen-reader-response\"><p role=\"status\" aria-live=\"polite\" aria-atomic=\"true\"><\/p> <ul><\/ul><\/div>\n<form action=\"\/de\/wp-json\/wp\/v2\/pages\/11#wpcf7-f794-o1\" method=\"post\" class=\"wpcf7-form init\" aria-label=\"\u0130leti\u015fim Formu\" novalidate=\"novalidate\" data-status=\"init\">\n<fieldset class=\"hidden-fields-container\"><input type=\"hidden\" name=\"_wpcf7\" value=\"794\" \/><input type=\"hidden\" name=\"_wpcf7_version\" value=\"6.1.5\" \/><input type=\"hidden\" name=\"_wpcf7_locale\" value=\"tr_TR\" \/><input type=\"hidden\" name=\"_wpcf7_unit_tag\" value=\"wpcf7-f794-o1\" \/><input type=\"hidden\" name=\"_wpcf7_container_post\" value=\"0\" \/><input type=\"hidden\" name=\"_wpcf7_posted_data_hash\" value=\"\" \/>\n<\/fieldset>\n<h2 class=\"short\"><strong>Kontakt Formular<\/strong>\n<\/h2>\n<div class=\"row\">\n\t<div class=\"col-md-6\">\n\t\t<div class=\"form-group\">\n\t\t\t<p><label for=\"contact-name\">Name *<\/label><br \/>\n<span class=\"wpcf7-form-control-wrap\" data-name=\"your-name\"><input size=\"40\" maxlength=\"400\" class=\"wpcf7-form-control wpcf7-text wpcf7-validates-as-required form-control\" id=\"contact-name\" aria-required=\"true\" aria-invalid=\"false\" value=\"\" type=\"text\" name=\"your-name\" \/><\/span>\n\t\t\t<\/p>\n\t\t<\/div>\n\t<\/div>\n\t<div class=\"col-md-6\">\n\t\t<div class=\"form-group\">\n\t\t\t<p><label for=\"contact-email\">E-mail *<\/label><br \/>\n<span class=\"wpcf7-form-control-wrap\" data-name=\"your-email\"><input size=\"40\" maxlength=\"400\" class=\"wpcf7-form-control wpcf7-email wpcf7-validates-as-required wpcf7-text wpcf7-validates-as-email form-control\" id=\"contact-email\" aria-required=\"true\" aria-invalid=\"false\" value=\"\" type=\"email\" name=\"your-email\" \/><\/span>\n\t\t\t<\/p>\n\t\t<\/div>\n\t<\/div>\n\t<div class=\"col-md-6\">\n\t\t<div class=\"form-group\">\n\t\t\t<p><label for=\"contact-subject\">Tel *<\/label><br \/>\n<span class=\"wpcf7-form-control-wrap\" data-name=\"tel-588\"><input size=\"40\" maxlength=\"400\" class=\"wpcf7-form-control wpcf7-tel wpcf7-validates-as-required wpcf7-text wpcf7-validates-as-tel form-control\" id=\"contact-subject\" aria-required=\"true\" aria-invalid=\"false\" value=\"\" type=\"tel\" name=\"tel-588\" \/><\/span>\n\t\t\t<\/p>\n\t\t<\/div>\n\t<\/div>\n\t<div class=\"col-md-6\">\n\t\t<div class=\"form-group\">\n\t\t\t<p><label for=\"contact-subject\">Thema *<\/label><br \/>\n<span class=\"wpcf7-form-control-wrap\" data-name=\"your-subject\"><input size=\"40\" maxlength=\"400\" class=\"wpcf7-form-control wpcf7-text wpcf7-validates-as-required form-control\" aria-required=\"true\" aria-invalid=\"false\" value=\"\" type=\"text\" name=\"your-subject\" \/><\/span>\n\t\t\t<\/p>\n\t\t<\/div>\n\t<\/div>\n\t<div class=\"col-md-12\">\n\t\t<div class=\"form-group\">\n\t\t\t<p><label for=\"contact-message\">Ihre Nachricht *<\/label><br \/>\n<span class=\"wpcf7-form-control-wrap\" data-name=\"your-message\"><textarea cols=\"40\" rows=\"10\" maxlength=\"2000\" class=\"wpcf7-form-control wpcf7-textarea wpcf7-validates-as-required form-control\" id=\"contact-message\" aria-required=\"true\" aria-invalid=\"false\" name=\"your-message\"><\/textarea><\/span>\n\t\t\t<\/p>\n\t\t<\/div>\n\t<\/div>\n\t<div class=\"col-md-6\">\n\t\t<div class=\"form-group\">\n\t\t\t<p><span class=\"wpcf7-form-control-wrap\" data-name=\"GvenlikSorusu\"><label><span class=\"wpcf7-quiz-label\">5+2=<\/span> <input size=\"40\" class=\"wpcf7-form-control wpcf7-quiz\" autocomplete=\"off\" aria-required=\"true\" aria-invalid=\"false\" type=\"text\" name=\"GvenlikSorusu\" \/><\/label><input type=\"hidden\" name=\"_wpcf7_quiz_answer_GvenlikSorusu\" value=\"509306052baa329c39a0cb7514c6383d\" \/><\/span>\n\t\t\t<\/p>\n\t\t\t<p><input class=\"wpcf7-form-control wpcf7-submit has-spinner btn btn-primary btn-lg\" type=\"submit\" value=\"Senden\" \/>\n\t\t\t<\/p>\n\t\t<\/div>\n\t<\/div>\n<\/div><div class=\"wpcf7-response-output\" aria-hidden=\"true\"><\/div>\n<\/form>\n<\/div>\n[vc_empty_space height=&#8221;20px&#8221;][\/vc_column][\/vc_row][vc_row wrap_container=&#8221;yes&#8221; conditional_render=&#8221;%5B%7B%22value_role%22%3A%22administrator%22%7D%5D&#8221;][vc_column][vc_row_inner][vc_column_inner width=&#8221;1\/5&#8243;][vc_single_image image=&#8221;1253&#8243; img_size=&#8221;198&#215;198&#8243; alignment=&#8221;center&#8221; onclick=&#8221;custom_link&#8221; link=&#8221;https:\/\/plastikcerrahi.org.tr\/&#8221;][\/vc_column_inner][vc_column_inner width=&#8221;1\/5&#8243;][vc_single_image image=&#8221;1255&#8243; img_size=&#8221;198x&#8221; alignment=&#8221;center&#8221; onclick=&#8221;custom_link&#8221; link=&#8221;https:\/\/www.isaps.org\/&#8221; label=&#8221;&#8221;][\/vc_column_inner][vc_column_inner width=&#8221;1\/5&#8243;][vc_single_image image=&#8221;1251&#8243; img_size=&#8221;198&#215;198&#8243; alignment=&#8221;center&#8221; onclick=&#8221;custom_link&#8221; link=&#8221;https:\/\/www.epcd.com.tr\/tr&#8221;][\/vc_column_inner][vc_column_inner width=&#8221;1\/5&#8243;][vc_single_image image=&#8221;1250&#8243; img_size=&#8221;198&#215;198&#8243; alignment=&#8221;center&#8221; onclick=&#8221;custom_link&#8221; link=&#8221;https:\/\/www.uems.eu\/&#8221;][\/vc_column_inner][vc_column_inner width=&#8221;1\/5&#8243;][vc_single_image image=&#8221;1249&#8243; img_size=&#8221;198&#215;198&#8243; alignment=&#8221;center&#8221; onclick=&#8221;custom_link&#8221; link=&#8221;https:\/\/www.plasticsurgery.org\/&#8221;][\/vc_column_inner][\/vc_row_inner][\/vc_column][\/vc_row]<\/p>\n<\/div>","protected":false},"excerpt":{"rendered":"<p>[vc_row full_width=&#8221;stretch_row_content_no_spaces&#8221;][vc_column][vc_single_image image=&#8221;1150&#8243; img_size=&#8221;full&#8221; alignment=&#8221;center&#8221; css=&#8221;.vc_custom_1711372490332{margin-bottom: 0px !important;border-bottom-width: 0px !important;padding-bottom: 0px !important;}&#8221;][vc_separator color=&#8221;custom&#8221; border_width=&#8221;3&#8243; accent_color=&#8221;#004d85&#8243;][\/vc_column][\/vc_row][vc_row wrap_container=&#8221;yes&#8221; el_class=&#8221;p-b-none&#8221;][vc_column][vc_empty_space height=&#8221;20px&#8221;][vc_row_inner][vc_column_inner width=&#8221;2\/3&#8243;][vc_column_text]Dr. Med. Alper Burak Uslu Facharzt f\u00fcr Plastische, Rekonstruktive und \u00c4sthetische Dr. Uslu ist ein angesehener europ\u00e4ischer und t\u00fcrkischer doppelt zertifizierter plastischer Chirurg. Er geh\u00f6rt zu den besten plastischen Chirurgen seiner Generation. Sein Qualifikations- und Fachwissen wird [&hellip;]<\/p>\n","protected":false},"author":1,"featured_media":0,"parent":0,"menu_order":0,"comment_status":"closed","ping_status":"closed","template":"","meta":{"_joinchat":[],"footnotes":""},"class_list":["post-11","page","type-page","status-publish","hentry"],"aioseo_notices":[],"_links":{"self":[{"href":"https:\/\/dralperuslu.com\/de\/wp-json\/wp\/v2\/pages\/11","targetHints":{"allow":["GET"]}}],"collection":[{"href":"https:\/\/dralperuslu.com\/de\/wp-json\/wp\/v2\/pages"}],"about":[{"href":"https:\/\/dralperuslu.com\/de\/wp-json\/wp\/v2\/types\/page"}],"author":[{"embeddable":true,"href":"https:\/\/dralperuslu.com\/de\/wp-json\/wp\/v2\/users\/1"}],"replies":[{"embeddable":true,"href":"https:\/\/dralperuslu.com\/de\/wp-json\/wp\/v2\/comments?post=11"}],"version-history":[{"count":0,"href":"https:\/\/dralperuslu.com\/de\/wp-json\/wp\/v2\/pages\/11\/revisions"}],"wp:attachment":[{"href":"https:\/\/dralperuslu.com\/de\/wp-json\/wp\/v2\/media?parent=11"}],"curies":[{"name":"wp","href":"https:\/\/api.w.org\/{rel}","templated":true}]}}